{"id":1886,"date":"2021-09-30T16:27:45","date_gmt":"2021-09-30T14:27:45","guid":{"rendered":"https:\/\/asemcoperchelmalaga.com\/?page_id=1886"},"modified":"2022-10-26T17:56:34","modified_gmt":"2022-10-26T15:56:34","slug":"mobiliario-del-hogar-y-oficina","status":"publish","type":"page","link":"https:\/\/asemcoperchelmalaga.com\/index.php\/mobiliario-del-hogar-y-oficina\/","title":{"rendered":"Mobiliario del hogar y oficina"},"content":{"rendered":"<p>[et_pb_section fb_built=\u00bb1&#8243; _builder_version=\u00bb4.4.9&#8243; background_image=\u00bbhttps:\/\/asemcoperchelmalaga.com\/wp-content\/uploads\/2018\/11\/patron_cuadrados_desintegrandose.jpg\u00bb parallax=\u00bbon\u00bb custom_margin=\u00bb||||false|false\u00bb custom_padding=\u00bb6em||6em||false|false\u00bb global_colors_info=\u00bb{}\u00bb][et_pb_row _builder_version=\u00bb4.4.9&#8243; background_color=\u00bbrgba(0,0,0,0.4)\u00bb max_width=\u00bb53em\u00bb max_width_tablet=\u00bb\u00bb max_width_phone=\u00bb100%\u00bb max_width_last_edited=\u00bbon|phone\u00bb global_colors_info=\u00bb{}\u00bb][et_pb_column type=\u00bb4_4&#8243; _builder_version=\u00bb4.4.9&#8243; global_colors_info=\u00bb{}\u00bb][et_pb_text _builder_version=\u00bb4.10.7&#8243; text_font=\u00bbMontserrat|700||on|||||\u00bb text_text_color=\u00bb#ffffff\u00bb text_font_size=\u00bb2.1em\u00bb header_text_color=\u00bb#ffffff\u00bb header_font_size=\u00bb24px\u00bb header_2_font_size=\u00bb23px\u00bb text_orientation=\u00bbcenter\u00bb text_font_size_tablet=\u00bb\u00bb text_font_size_phone=\u00bb1.8em\u00bb text_font_size_last_edited=\u00bbon|phone\u00bb global_colors_info=\u00bb{}\u00bb]<\/p>\n<p>Empresas asociadas<\/p>\n<p>[\/et_pb_text][\/et_pb_column][\/et_pb_row][\/et_pb_section][et_pb_section fb_built=\u00bb1&#8243; _builder_version=\u00bb4.10.7&#8243; _module_preset=\u00bbdefault\u00bb custom_padding=\u00bb||0px|||\u00bb global_colors_info=\u00bb{}\u00bb][et_pb_row column_structure=\u00bb1_2,1_2&#8243; _builder_version=\u00bb4.10.7&#8243; _module_preset=\u00bbdefault\u00bb global_module=\u00bb1955&#8243; global_colors_info=\u00bb{}\u00bb][et_pb_column type=\u00bb1_2&#8243; _builder_version=\u00bb4.10.7&#8243; _module_preset=\u00bbdefault\u00bb global_colors_info=\u00bb{}\u00bb][et_pb_text _builder_version=\u00bb4.10.7&#8243; _module_preset=\u00bbdefault\u00bb link_font=\u00bbMontserrat|700||||on|||\u00bb link_text_color=\u00bb#000000&#8243; link_font_size=\u00bb1.4em\u00bb link_line_height=\u00bb2em\u00bb global_colors_info=\u00bb{}\u00bb]<\/p>\n<ul>\n<li><a href=\"https:\/\/asemcoperchelmalaga.com\/index.php\/agencias-de-viaje\/\">Agencia de viajes<\/a><\/li>\n<li><a href=\"https:\/\/asemcoperchelmalaga.com\/index.php\/alimentacion\/\">Alimentaci\u00f3n y bebidas<\/a><\/li>\n<li><a href=\"https:\/\/asemcoperchelmalaga.com\/index.php\/asesorias-y-gestorias\/\">Asesor\u00edas y gestor\u00edas<\/a><\/li>\n<li><a href=\"https:\/\/asemcoperchelmalaga.com\/index.php\/copisterias-y-papelerias\/\">Copister\u00edas y papeler\u00edas<\/a><\/li>\n<li><a href=\"https:\/\/asemcoperchelmalaga.com\/index.php\/coworkings\/\">Coworking<\/a><\/li>\n<li><a href=\"https:\/\/asemcoperchelmalaga.com\/index.php\/entretenimiento\/\">Marketing y telecomunicaciones<\/a><\/li>\n<li><a href=\"https:\/\/asemcoperchelmalaga.com\/index.php\/formacion\/\">Formaci\u00f3n<\/a><\/li>\n<li><a href=\"https:\/\/asemcoperchelmalaga.com\/index.php\/gimnasios\/\">Gimnasios<\/a><\/li>\n<li><a href=\"https:\/\/asemcoperchelmalaga.com\/index.php\/hoteles-y-hostales\/\">Hoteles y hostales<\/a><\/li>\n<\/ul>\n<p>[\/et_pb_text][\/et_pb_column][et_pb_column type=\u00bb1_2&#8243; _builder_version=\u00bb4.10.7&#8243; _module_preset=\u00bbdefault\u00bb global_colors_info=\u00bb{}\u00bb][et_pb_text _builder_version=\u00bb4.10.7&#8243; _module_preset=\u00bbdefault\u00bb link_font=\u00bbMontserrat|700||||on|||\u00bb link_text_color=\u00bb#000000&#8243; link_font_size=\u00bb1.4em\u00bb link_line_height=\u00bb2em\u00bb global_colors_info=\u00bb{}\u00bb]<\/p>\n<ul>\n<li><a href=\"https:\/\/asemcoperchelmalaga.com\/index.php\/inmobiliarias\/\">Inmobiliarias<\/a><\/li>\n<li><a href=\"https:\/\/asemcoperchelmalaga.com\/index.php\/mobiliario-del-hogar-y-oficina\/\">Mobiliario del hogar y oficina<\/a><\/li>\n<li><a href=\"https:\/\/asemcoperchelmalaga.com\/index.php\/moda\/\">Moda<\/a><\/li>\n<li><a href=\"https:\/\/asemcoperchelmalaga.com\/index.php\/motos\/\">Motos<\/a><\/li>\n<li><a href=\"https:\/\/asemcoperchelmalaga.com\/index.php\/opticas\/\">\u00d3pticas<\/a><\/li>\n<li><a href=\"https:\/\/asemcoperchelmalaga.com\/index.php\/peluquerias-y-estetica\/\">Peluquer\u00edas y est\u00e9tica<\/a><\/li>\n<li><a href=\"https:\/\/asemcoperchelmalaga.com\/index.php\/restaurantes-y-bares1\/\">Restaurantes y bares I<\/a><\/li>\n<li><a href=\"https:\/\/asemcoperchelmalaga.com\/index.php\/restaurantes-y-bares2\/\">Restaurantes y bares II<\/a><\/li>\n<li><a href=\"https:\/\/asemcoperchelmalaga.com\/index.php\/salud\/\">Salud<\/a><\/li>\n<\/ul>\n<p>[\/et_pb_text][\/et_pb_column][\/et_pb_row][et_pb_row _builder_version=\u00bb4.10.7&#8243; global_colors_info=\u00bb{}\u00bb][et_pb_column type=\u00bb4_4&#8243; _builder_version=\u00bb4.4.9&#8243; global_colors_info=\u00bb{}\u00bb][et_pb_divider _builder_version=\u00bb4.10.7&#8243; width=\u00bb80%\u00bb module_alignment=\u00bbcenter\u00bb custom_margin=\u00bb2em||0em||false|false\u00bb global_colors_info=\u00bb{}\u00bb][\/et_pb_divider][\/et_pb_column][\/et_pb_row][\/et_pb_section][et_pb_section fb_built=\u00bb1&#8243; _builder_version=\u00bb4.10.7&#8243; _module_preset=\u00bbdefault\u00bb custom_padding=\u00bb0px||0px|||\u00bb global_colors_info=\u00bb{}\u00bb][et_pb_row _builder_version=\u00bb4.10.7&#8243; _module_preset=\u00bbdefault\u00bb global_colors_info=\u00bb{}\u00bb][et_pb_column type=\u00bb4_4&#8243; _builder_version=\u00bb4.10.7&#8243; _module_preset=\u00bbdefault\u00bb global_colors_info=\u00bb{}\u00bb][et_pb_text disabled_on=\u00bbon|on|off\u00bb _builder_version=\u00bb4.10.7&#8243; header_3_font=\u00bbMontserrat|700||on|||||\u00bb header_3_text_color=\u00bb#000000&#8243; header_3_font_size=\u00bb2em\u00bb custom_margin=\u00bb|||1.5em|false|false\u00bb global_colors_info=\u00bb{}\u00bb]<\/p>\n<h3><span style=\"text-decoration: underline;\">Mobiliario del hogar y oficina<\/span><\/h3>\n<p>[\/et_pb_text][\/et_pb_column][\/et_pb_row][\/et_pb_section][et_pb_section fb_built=\u00bb1&#8243; _builder_version=\u00bb4.10.7&#8243; _module_preset=\u00bbdefault\u00bb custom_margin=\u00bb||-30px||false|false\u00bb custom_margin_tablet=\u00bb\u00bb custom_margin_phone=\u00bb\u00bb custom_margin_last_edited=\u00bbon|tablet\u00bb custom_padding=\u00bb0px||0px||false|false\u00bb global_colors_info=\u00bb{}\u00bb][et_pb_row _builder_version=\u00bb4.10.7&#8243; _module_preset=\u00bbdefault\u00bb custom_padding=\u00bb||0px|||\u00bb global_colors_info=\u00bb{}\u00bb][et_pb_column type=\u00bb4_4&#8243; _builder_version=\u00bb4.10.7&#8243; _module_preset=\u00bbdefault\u00bb global_colors_info=\u00bb{}\u00bb][et_pb_text disabled_on=\u00bboff|off|off\u00bb _builder_version=\u00bb4.10.7&#8243; header_3_font=\u00bbMontserrat|700||||on|||\u00bb header_3_text_color=\u00bb#5C96AA\u00bb header_3_font_size=\u00bb2em\u00bb custom_margin=\u00bb|||1.5em|false|false\u00bb global_colors_info=\u00bb{}\u00bb]<\/p>\n<h3><span style=\"text-decoration: underline;\">Ofiburo<\/span><\/h3>\n<p>[\/et_pb_text][\/et_pb_column][\/et_pb_row][\/et_pb_section][et_pb_section fb_built=\u00bb1&#8243; make_equal=\u00bbon\u00bb use_custom_gutter=\u00bbon\u00bb gutter_width=\u00bb2&#8243; specialty=\u00bbon\u00bb _builder_version=\u00bb4.10.7&#8243; width=\u00bb80%\u00bb width_tablet=\u00bb80%\u00bb width_phone=\u00bb\u00bb width_last_edited=\u00bbon|tablet\u00bb max_width=\u00bb1080px\u00bb module_alignment=\u00bbcenter\u00bb inner_width=\u00bb100%\u00bb custom_margin=\u00bb3em||4em||false|false\u00bb custom_padding=\u00bb0px||0px|||\u00bb border_radii=\u00bbon|1.5em|1.5em|1.5em|1.5em\u00bb border_width_all=\u00bb3px\u00bb border_color_all=\u00bb#5C96AA\u00bb global_colors_info=\u00bb{}\u00bb][et_pb_column type=\u00bb1_4&#8243; _builder_version=\u00bb3.25&#8243; custom_padding=\u00bb|||\u00bb global_colors_info=\u00bb{}\u00bb custom_padding__hover=\u00bb|||\u00bb][et_pb_image src=\u00bbhttps:\/\/asemcoperchelmalaga.com\/wp-content\/uploads\/2019\/12\/OFIBURO.png\u00bb alt=\u00bbOFIBURO\u00bb title_text=\u00bbOFIBURO\u00bb align=\u00bbcenter\u00bb _builder_version=\u00bb4.10.7&#8243; width_tablet=\u00bb65%\u00bb width_phone=\u00bb100%\u00bb width_last_edited=\u00bbon|phone\u00bb custom_padding=\u00bb0em|0em|0em|1em|false|false\u00bb custom_padding_tablet=\u00bb1em|1em|0em||false|false\u00bb custom_padding_phone=\u00bb\u00bb custom_padding_last_edited=\u00bbon|tablet\u00bb module_alignment_tablet=\u00bbcenter\u00bb module_alignment_phone=\u00bb\u00bb module_alignment_last_edited=\u00bbon|tablet\u00bb border_radii=\u00bbon|0em|0em|0em|0em\u00bb border_color_all=\u00bb#5C96AA\u00bb global_colors_info=\u00bb{}\u00bb][\/et_pb_image][\/et_pb_column][et_pb_column type=\u00bb3_4&#8243; specialty_columns=\u00bb3&#8243; _builder_version=\u00bb3.25&#8243; custom_padding=\u00bb|||\u00bb global_colors_info=\u00bb{}\u00bb custom_padding__hover=\u00bb|||\u00bb][et_pb_row_inner use_custom_gutter=\u00bbon\u00bb make_equal=\u00bbon\u00bb _builder_version=\u00bb4.4.9&#8243; height=\u00bb100%\u00bb max_height=\u00bb100%\u00bb custom_padding=\u00bb1em|1em|1em|1em|false|false\u00bb border_width_left=\u00bb1px\u00bb border_color_left=\u00bb#5C96AA\u00bb global_colors_info=\u00bb{}\u00bb][et_pb_column_inner saved_specialty_column_type=\u00bb3_4&#8243; _builder_version=\u00bb4.4.9&#8243; global_colors_info=\u00bb{}\u00bb][et_pb_text _builder_version=\u00bb4.10.7&#8243; text_font=\u00bbMontserrat||||||||\u00bb text_text_color=\u00bb#000000&#8243; text_font_size=\u00bb1em\u00bb link_text_color=\u00bb#000000&#8243; custom_margin=\u00bb1em|1em|1em|1em|false|false\u00bb global_colors_info=\u00bb{}\u00bb]<\/p>\n<p><span><em><strong>Descripci\u00f3n:<\/strong><\/em><\/span><span>\u00a0<\/span><span>Especialistas en mobiliario, mamparas divisorias y complementos de decoraci\u00f3n. Empresa 100% Malague\u00f1a especializada en instalaci\u00f3n de oficinas, mobiliario y obra civil.\u00a0<\/span><\/p>\n<p><em><span><strong>Direcci\u00f3n:<\/strong><\/span><\/em>\u00a0<span>C\/ Jacinto Verdaguer 7<\/span><\/p>\n<p><span><em><strong>Tel\u00e9fono:<\/strong><\/em>\u00a0952 25 19 20<\/span><\/p>\n<p><em><span><strong>Web:<\/strong><\/span><\/em><a href=\"https:\/\/asemcoperchelmalaga.com\/index.php\/directorio-de-empresas-2\/www.ofiburo.com\" target=\"_blank\" rel=\"noopener noreferrer\">\u00a0www.ofiburo.com<\/a><\/p>\n<p>[\/et_pb_text][\/et_pb_column_inner][\/et_pb_row_inner][\/et_pb_column][\/et_pb_section][et_pb_section fb_built=\u00bb1&#8243; _builder_version=\u00bb4.10.7&#8243; _module_preset=\u00bbdefault\u00bb custom_margin=\u00bb||-30px||false|false\u00bb custom_margin_tablet=\u00bb\u00bb custom_margin_phone=\u00bb\u00bb custom_margin_last_edited=\u00bbon|tablet\u00bb custom_padding=\u00bb0px||0px||false|false\u00bb global_colors_info=\u00bb{}\u00bb][et_pb_row _builder_version=\u00bb4.10.7&#8243; _module_preset=\u00bbdefault\u00bb custom_padding=\u00bb||0px|||\u00bb global_colors_info=\u00bb{}\u00bb][et_pb_column type=\u00bb4_4&#8243; _builder_version=\u00bb4.10.7&#8243; _module_preset=\u00bbdefault\u00bb global_colors_info=\u00bb{}\u00bb][et_pb_text disabled_on=\u00bboff|off|off\u00bb _builder_version=\u00bb4.10.7&#8243; header_3_font=\u00bbMontserrat|700||||on|||\u00bb header_3_text_color=\u00bb#5C96AA\u00bb header_3_font_size=\u00bb2em\u00bb custom_margin=\u00bb|||1.5em|false|false\u00bb hover_enabled=\u00bb0&#8243; global_colors_info=\u00bb{}\u00bb sticky_enabled=\u00bb0&#8243;]<\/p>\n<h3><span style=\"text-decoration: underline;\">Dormitienda m\u00e1laga<\/span><\/h3>\n<p>[\/et_pb_text][\/et_pb_column][\/et_pb_row][\/et_pb_section][et_pb_section fb_built=\u00bb1&#8243; make_equal=\u00bbon\u00bb use_custom_gutter=\u00bbon\u00bb gutter_width=\u00bb2&#8243; specialty=\u00bbon\u00bb _builder_version=\u00bb4.10.7&#8243; width=\u00bb80%\u00bb width_tablet=\u00bb80%\u00bb width_phone=\u00bb\u00bb width_last_edited=\u00bbon|tablet\u00bb max_width=\u00bb1080px\u00bb module_alignment=\u00bbcenter\u00bb inner_width=\u00bb100%\u00bb custom_margin=\u00bb3em||4em||false|false\u00bb custom_padding=\u00bb0px||0px|||\u00bb border_radii=\u00bbon|1.5em|1.5em|1.5em|1.5em\u00bb border_width_all=\u00bb3px\u00bb border_color_all=\u00bb#5C96AA\u00bb global_colors_info=\u00bb{}\u00bb][et_pb_column type=\u00bb1_4&#8243; _builder_version=\u00bb3.25&#8243; custom_padding=\u00bb|||\u00bb global_colors_info=\u00bb{}\u00bb custom_padding__hover=\u00bb|||\u00bb][et_pb_image src=\u00bbhttps:\/\/asemcoperchelmalaga.com\/wp-content\/uploads\/2022\/10\/Dormitienda.png\u00bb alt=\u00bbDormitienda\u00bb title_text=\u00bbDormitienda\u00bb align=\u00bbcenter\u00bb _builder_version=\u00bb4.10.7&#8243; width_tablet=\u00bb65%\u00bb width_phone=\u00bb100%\u00bb width_last_edited=\u00bbon|phone\u00bb custom_padding=\u00bb0em|0em|0em|1em|false|false\u00bb custom_padding_tablet=\u00bb1em|1em|0em||false|false\u00bb custom_padding_phone=\u00bb\u00bb custom_padding_last_edited=\u00bbon|tablet\u00bb hover_enabled=\u00bb0&#8243; module_alignment_tablet=\u00bbcenter\u00bb module_alignment_phone=\u00bb\u00bb module_alignment_last_edited=\u00bbon|tablet\u00bb border_radii=\u00bbon|0em|0em|0em|0em\u00bb border_color_all=\u00bb#5C96AA\u00bb global_colors_info=\u00bb{}\u00bb sticky_enabled=\u00bb0&#8243;][\/et_pb_image][\/et_pb_column][et_pb_column type=\u00bb3_4&#8243; specialty_columns=\u00bb3&#8243; _builder_version=\u00bb3.25&#8243; custom_padding=\u00bb|||\u00bb global_colors_info=\u00bb{}\u00bb custom_padding__hover=\u00bb|||\u00bb][et_pb_row_inner use_custom_gutter=\u00bbon\u00bb make_equal=\u00bbon\u00bb _builder_version=\u00bb4.4.9&#8243; height=\u00bb100%\u00bb max_height=\u00bb100%\u00bb custom_padding=\u00bb1em|1em|1em|1em|false|false\u00bb border_width_left=\u00bb1px\u00bb border_color_left=\u00bb#5C96AA\u00bb global_colors_info=\u00bb{}\u00bb][et_pb_column_inner saved_specialty_column_type=\u00bb3_4&#8243; _builder_version=\u00bb4.4.9&#8243; global_colors_info=\u00bb{}\u00bb][et_pb_text _builder_version=\u00bb4.10.7&#8243; text_font=\u00bbMontserrat||||||||\u00bb text_text_color=\u00bb#000000&#8243; text_font_size=\u00bb1em\u00bb link_text_color=\u00bb#000000&#8243; custom_margin=\u00bb1em|1em|1em|1em|false|false\u00bb hover_enabled=\u00bb0&#8243; global_colors_info=\u00bb{}\u00bb sticky_enabled=\u00bb0&#8243;]<\/p>\n<p><span><em><strong>Descripci\u00f3n:<\/strong><\/em><\/span><span> <\/span><span>Colchones a medida y sostenibles fabricados en Dormitienda.<\/p>\n<p>Edredones y caracter\u00edsticas de cada uno de ellos, te damos algunos trucos de como elegir el mejor edred\u00f3n para tu cama.<\/span><\/p>\n<p><em><span><strong>Direcci\u00f3n:<\/strong><\/span><\/em>\u00a0<span>C\/ Cuarteles 40 Local<\/span><\/p>\n<p><span><em><strong>Tel\u00e9fono:<\/strong><\/em> 673 87 93 11<\/span><\/p>\n<p><em><span><strong>Web: <\/strong><\/span><\/em><a href=\"https:\/\/dormitienda.com\/t\/colchones-malaga\" target=\"_blank\" rel=\"noopener noreferrer\">dormitienda.com\/t\/colchones-malaga<\/a><\/p>\n<p>[\/et_pb_text][\/et_pb_column_inner][\/et_pb_row_inner][\/et_pb_column][\/et_pb_section][et_pb_section fb_built=\u00bb1&#8243; _builder_version=\u00bb4.10.7&#8243; _module_preset=\u00bbdefault\u00bb custom_margin=\u00bb||-30px||false|false\u00bb custom_margin_tablet=\u00bb\u00bb custom_margin_phone=\u00bb\u00bb custom_margin_last_edited=\u00bbon|tablet\u00bb custom_padding=\u00bb0px||0px||false|false\u00bb global_colors_info=\u00bb{}\u00bb][et_pb_row _builder_version=\u00bb4.10.7&#8243; _module_preset=\u00bbdefault\u00bb custom_padding=\u00bb||0px|||\u00bb global_colors_info=\u00bb{}\u00bb][et_pb_column type=\u00bb4_4&#8243; _builder_version=\u00bb4.10.7&#8243; _module_preset=\u00bbdefault\u00bb global_colors_info=\u00bb{}\u00bb][et_pb_text disabled_on=\u00bboff|off|off\u00bb _builder_version=\u00bb4.10.7&#8243; header_3_font=\u00bbMontserrat|700||||on|||\u00bb header_3_text_color=\u00bb#5C96AA\u00bb header_3_font_size=\u00bb2em\u00bb custom_margin=\u00bb|||1.5em|false|false\u00bb global_colors_info=\u00bb{}\u00bb]<\/p>\n<h3><span style=\"text-decoration: underline;\">Bed&#8217;s<\/span><\/h3>\n<p>[\/et_pb_text][\/et_pb_column][\/et_pb_row][\/et_pb_section][et_pb_section fb_built=\u00bb1&#8243; make_equal=\u00bbon\u00bb use_custom_gutter=\u00bbon\u00bb gutter_width=\u00bb2&#8243; specialty=\u00bbon\u00bb _builder_version=\u00bb4.10.7&#8243; width=\u00bb80%\u00bb width_tablet=\u00bb80%\u00bb width_phone=\u00bb\u00bb width_last_edited=\u00bbon|tablet\u00bb max_width=\u00bb1080px\u00bb module_alignment=\u00bbcenter\u00bb inner_width=\u00bb100%\u00bb custom_margin=\u00bb3em||4em||false|false\u00bb custom_padding=\u00bb0px||0px|||\u00bb border_radii=\u00bbon|1.5em|1.5em|1.5em|1.5em\u00bb border_width_all=\u00bb3px\u00bb border_color_all=\u00bb#5C96AA\u00bb global_colors_info=\u00bb{}\u00bb][et_pb_column type=\u00bb1_4&#8243; _builder_version=\u00bb3.25&#8243; custom_padding=\u00bb|||\u00bb global_colors_info=\u00bb{}\u00bb custom_padding__hover=\u00bb|||\u00bb][et_pb_image src=\u00bbhttps:\/\/asemcoperchelmalaga.com\/wp-content\/uploads\/2022\/09\/beds.png\u00bb alt=\u00bbbed&#8217;s\u00bb title_text=\u00bbbed&#8217;s\u00bb align=\u00bbcenter\u00bb _builder_version=\u00bb4.10.7&#8243; width_tablet=\u00bb65%\u00bb width_phone=\u00bb100%\u00bb width_last_edited=\u00bbon|phone\u00bb custom_padding=\u00bb0em|0em|0em|1em|false|false\u00bb custom_padding_tablet=\u00bb1em|1em|0em||false|false\u00bb custom_padding_phone=\u00bb\u00bb custom_padding_last_edited=\u00bbon|tablet\u00bb module_alignment_tablet=\u00bbcenter\u00bb module_alignment_phone=\u00bb\u00bb module_alignment_last_edited=\u00bbon|tablet\u00bb border_radii=\u00bbon|0em|0em|0em|0em\u00bb border_color_all=\u00bb#5C96AA\u00bb global_colors_info=\u00bb{}\u00bb][\/et_pb_image][\/et_pb_column][et_pb_column type=\u00bb3_4&#8243; specialty_columns=\u00bb3&#8243; _builder_version=\u00bb3.25&#8243; custom_padding=\u00bb|||\u00bb global_colors_info=\u00bb{}\u00bb custom_padding__hover=\u00bb|||\u00bb][et_pb_row_inner use_custom_gutter=\u00bbon\u00bb make_equal=\u00bbon\u00bb _builder_version=\u00bb4.4.9&#8243; height=\u00bb100%\u00bb max_height=\u00bb100%\u00bb custom_padding=\u00bb1em|1em|1em|1em|false|false\u00bb border_width_left=\u00bb1px\u00bb border_color_left=\u00bb#5C96AA\u00bb global_colors_info=\u00bb{}\u00bb][et_pb_column_inner saved_specialty_column_type=\u00bb3_4&#8243; _builder_version=\u00bb4.4.9&#8243; global_colors_info=\u00bb{}\u00bb][et_pb_text _builder_version=\u00bb4.10.7&#8243; text_font=\u00bbMontserrat||||||||\u00bb text_text_color=\u00bb#000000&#8243; text_font_size=\u00bb1em\u00bb link_text_color=\u00bb#000000&#8243; custom_margin=\u00bb1em|1em|1em|1em|false|false\u00bb global_colors_info=\u00bb{}\u00bb]<\/p>\n<p><span><em><strong>Descripci\u00f3n:<\/strong><\/em><\/span><span>\u00a0<\/span><span>Nuestro principal objetivo, tu descanso total. <\/span>Es la principal premisa de nuestro equipo compuesto por m\u00e1s de 300 profesionales, en formaci\u00f3n continua para estar al d\u00eda de las nuevas tecnolog\u00edas aplicadas al descanso. Por eso siempre te daremos la soluci\u00f3n que mejor se adapte a ti.<\/p>\n<p><em><span><strong>Direcci\u00f3n:<\/strong><\/span><\/em>\u00a0<span>C\/ Cuarteles 37<\/span><\/p>\n<p><span><em><strong>Tel\u00e9fono:<\/strong><\/em> 952 27 77 38<\/span><\/p>\n<p>[\/et_pb_text][\/et_pb_column_inner][\/et_pb_row_inner][\/et_pb_column][\/et_pb_section][et_pb_section fb_built=\u00bb1&#8243; _builder_version=\u00bb4.4.9&#8243; background_color=\u00bbrgba(0,0,0,0.87)\u00bb background_enable_image=\u00bboff\u00bb custom_padding=\u00bb0px||0px|||\u00bb global_module=\u00bb1163&#8243; saved_tabs=\u00bball\u00bb global_colors_info=\u00bb{}\u00bb][\/et_pb_section][et_pb_section fb_built=\u00bb1&#8243; _builder_version=\u00bb4.4.9&#8243; background_color=\u00bb#000000&#8243; custom_padding=\u00bb0px||0px|||\u00bb global_module=\u00bb1164&#8243; saved_tabs=\u00bball\u00bb global_colors_info=\u00bb{}\u00bb][et_pb_row column_structure=\u00bb1_3,1_3,1_3&#8243; use_custom_gutter=\u00bbon\u00bb make_equal=\u00bbon\u00bb _builder_version=\u00bb4.4.9&#8243; width=\u00bb97%\u00bb max_width=\u00bb100%\u00bb module_alignment=\u00bbcenter\u00bb global_colors_info=\u00bb{}\u00bb][et_pb_column type=\u00bb1_3&#8243; _builder_version=\u00bb4.4.9&#8243; global_colors_info=\u00bb{}\u00bb][et_pb_blurb use_icon=\u00bbon\u00bb font_icon=\u00bb%%122%%\u00bb icon_color=\u00bb#5C96AA\u00bb use_icon_font_size=\u00bbon\u00bb icon_font_size=\u00bb34px\u00bb _builder_version=\u00bb4.10.7&#8243; body_font=\u00bbMontserrat||||||||\u00bb body_text_color=\u00bb#ffffff\u00bb text_orientation=\u00bbcenter\u00bb global_colors_info=\u00bb{}\u00bb]<\/p>\n<p>C\/ Senador Francisco Rom\u00e1n, s\/n. Centro Ciudadano El Carmen, 1a. Planta.<\/p>\n<p>29002 &#8211; M\u00e1laga<\/p>\n<p>[\/et_pb_blurb][\/et_pb_column][et_pb_column type=\u00bb1_3&#8243; _builder_version=\u00bb4.4.9&#8243; global_colors_info=\u00bb{}\u00bb][et_pb_blurb use_icon=\u00bbon\u00bb font_icon=\u00bb%%104%%\u00bb icon_color=\u00bb#5C96AA\u00bb use_icon_font_size=\u00bbon\u00bb icon_font_size=\u00bb34px\u00bb _builder_version=\u00bb4.10.7&#8243; body_font=\u00bbMontserrat||||||||\u00bb body_text_color=\u00bb#ffffff\u00bb text_orientation=\u00bbcenter\u00bb custom_margin_last_edited=\u00bboff|desktop\u00bb custom_padding_tablet=\u00bb3em||||false|false\u00bb custom_padding_phone=\u00bb\u00bb custom_padding_last_edited=\u00bbon|tablet\u00bb global_colors_info=\u00bb{}\u00bb]<\/p>\n<p>632 07 13 35<\/p>\n<p>asemcoperchelmalaga@gmail.com<\/p>\n<p>[\/et_pb_blurb][\/et_pb_column][et_pb_column type=\u00bb1_3&#8243; _builder_version=\u00bb4.4.9&#8243; global_colors_info=\u00bb{}\u00bb][et_pb_social_media_follow _builder_version=\u00bb4.4.9&#8243; text_orientation=\u00bbcenter\u00bb custom_margin=\u00bb||||false|false\u00bb custom_margin_tablet=\u00bb0em||||false|false\u00bb custom_margin_phone=\u00bb\u00bb custom_margin_last_edited=\u00bbon|tablet\u00bb custom_padding=\u00bb3em||||false|false\u00bb global_colors_info=\u00bb{}\u00bb][et_pb_social_media_follow_network social_network=\u00bbfacebook\u00bb url=\u00bbhttps:\/\/www.facebook.com\/asemcoperchelmalaga\u00bb icon_color=\u00bb#ffffff\u00bb use_icon_font_size=\u00bbon\u00bb _builder_version=\u00bb4.4.9&#8243; background_color=\u00bb#5C96AA\u00bb background_enable_color=\u00bbon\u00bb custom_button=\u00bbon\u00bb button_text_color=\u00bb#000000&#8243; global_colors_info=\u00bb{}\u00bb follow_button=\u00bboff\u00bb url_new_window=\u00bbon\u00bb]facebook[\/et_pb_social_media_follow_network][et_pb_social_media_follow_network social_network=\u00bbtwitter\u00bb url=\u00bbhttps:\/\/twitter.com\/ASEMCO_Perchel\u00bb icon_color=\u00bb#5C96AA\u00bb _builder_version=\u00bb4.4.9&#8243; background_color=\u00bb#ffffff\u00bb background_enable_color=\u00bbon\u00bb global_colors_info=\u00bb{}\u00bb follow_button=\u00bboff\u00bb url_new_window=\u00bbon\u00bb]twitter[\/et_pb_social_media_follow_network][et_pb_social_media_follow_network social_network=\u00bbinstagram\u00bb url=\u00bbhttps:\/\/www.instagram.com\/asemcoperchelmalaga\/\u00bb _builder_version=\u00bb4.4.9&#8243; background_color=\u00bb#5C96AA\u00bb background_enable_color=\u00bbon\u00bb global_colors_info=\u00bb{}\u00bb follow_button=\u00bboff\u00bb url_new_window=\u00bbon\u00bb]instagram[\/et_pb_social_media_follow_network][\/et_pb_social_media_follow][\/et_pb_column][\/et_pb_row][et_pb_row column_structure=\u00bb1_2,1_2&#8243; use_custom_gutter=\u00bbon\u00bb make_equal=\u00bbon\u00bb _builder_version=\u00bb4.4.9&#8243; width=\u00bb97%\u00bb max_width=\u00bb100%\u00bb custom_padding=\u00bb0px||0px|||\u00bb global_colors_info=\u00bb{}\u00bb][et_pb_column type=\u00bb1_2&#8243; _builder_version=\u00bb4.4.9&#8243; global_colors_info=\u00bb{}\u00bb][et_pb_text _builder_version=\u00bb4.4.9&#8243; header_3_font=\u00bbMontserrat|600|||||||\u00bb header_3_text_color=\u00bb#ffffff\u00bb header_3_font_size=\u00bb14px\u00bb custom_padding=\u00bb3%||2%||false|false\u00bb header_3_text_align_tablet=\u00bbcenter\u00bb header_3_text_align_phone=\u00bb\u00bb header_3_text_align_last_edited=\u00bbon|tablet\u00bb global_colors_info=\u00bb{}\u00bb]<\/p>\n<h3><span>\u00a9 2020 ASEMCO EL PERCHEL. Todos los derechos reservados.<\/span><\/h3>\n<p>[\/et_pb_text][\/et_pb_column][et_pb_column type=\u00bb1_2&#8243; _builder_version=\u00bb4.4.9&#8243; global_colors_info=\u00bb{}\u00bb][et_pb_text _builder_version=\u00bb4.4.9&#8243; text_font=\u00bb||||||||\u00bb text_text_color=\u00bb#ffffff\u00bb text_orientation=\u00bbright\u00bb custom_margin_tablet=\u00bb||2em||false|false\u00bb custom_margin_phone=\u00bb\u00bb custom_margin_last_edited=\u00bbon|tablet\u00bb custom_padding=\u00bb2%||2%||false|false\u00bb text_orientation_tablet=\u00bbcenter\u00bb text_orientation_phone=\u00bb\u00bb text_orientation_last_edited=\u00bbon|desktop\u00bb global_colors_info=\u00bb{}\u00bb]<\/p>\n<p><a href=\"https:\/\/asemcoperchelmalaga.com\/index.php\/aviso-legal\/\">Aviso Legal<\/a> | <a href=\"https:\/\/asemcoperchelmalaga.com\/index.php\/politica-de-privacidad\/\">Pol\u00edtica de Privacidad<\/a> | <a href=\"https:\/\/asemcoperchelmalaga.com\/index.php\/Cookies\/\">Cookies<\/a><\/p>\n<p>[\/et_pb_text][\/et_pb_column][\/et_pb_row][\/et_pb_section]<\/p>\n","protected":false},"excerpt":{"rendered":"<p>Empresas asociadas Agencia de viajes Alimentaci\u00f3n y bebidas Asesor\u00edas y gestor\u00edas Copister\u00edas y papeler\u00edas Coworking Marketing y telecomunicaciones Formaci\u00f3n Gimnasios Hoteles y hostales Inmobiliarias Mobiliario del hogar y oficina Moda Motos \u00d3pticas Peluquer\u00edas y est\u00e9tica Restaurantes y bares I Restaurantes y bares II Salud Mobiliario del hogar y oficinaOfiburoDescripci\u00f3n:\u00a0Especialistas en mobiliario, mamparas divisorias y complementos [&hellip;]<\/p>\n","protected":false},"author":1,"featured_media":0,"parent":0,"menu_order":0,"comment_status":"closed","ping_status":"closed","template":"","meta":{"_et_pb_use_builder":"on","_et_pb_old_content":"<!-- wp:divi\/placeholder \/-->","_et_gb_content_width":"","footnotes":""},"yoast_head":"<!-- This site is optimized with the Yoast SEO plugin v23.0 - https:\/\/yoast.com\/wordpress\/plugins\/seo\/ -->\n<title>Mobiliario del hogar y oficina - Asemco Perchel M&aacute;laga<\/title>\n<meta name=\"robots\" content=\"index, follow, max-snippet:-1, max-image-preview:large, max-video-preview:-1\" \/>\n<link rel=\"canonical\" href=\"https:\/\/asemcoperchelmalaga.com\/index.php\/mobiliario-del-hogar-y-oficina\/\" \/>\n<meta property=\"og:locale\" content=\"es_ES\" \/>\n<meta property=\"og:type\" content=\"article\" \/>\n<meta property=\"og:title\" content=\"Mobiliario del hogar y oficina - Asemco Perchel M&aacute;laga\" \/>\n<meta property=\"og:description\" content=\"Empresas asociadas Agencia de viajes Alimentaci\u00f3n y bebidas Asesor\u00edas y gestor\u00edas Copister\u00edas y papeler\u00edas Coworking Marketing y telecomunicaciones Formaci\u00f3n Gimnasios Hoteles y hostales Inmobiliarias Mobiliario del hogar y oficina Moda Motos \u00d3pticas Peluquer\u00edas y est\u00e9tica Restaurantes y bares I Restaurantes y bares II Salud Mobiliario del hogar y oficinaOfiburoDescripci\u00f3n:\u00a0Especialistas en mobiliario, mamparas divisorias y complementos [&hellip;]\" \/>\n<meta property=\"og:url\" content=\"https:\/\/asemcoperchelmalaga.com\/index.php\/mobiliario-del-hogar-y-oficina\/\" \/>\n<meta property=\"og:site_name\" content=\"Asemco Perchel M&aacute;laga\" \/>\n<meta property=\"article:modified_time\" content=\"2022-10-26T15:56:34+00:00\" \/>\n<meta name=\"twitter:card\" content=\"summary_large_image\" \/>\n<script type=\"application\/ld+json\" class=\"yoast-schema-graph\">{\"@context\":\"https:\/\/schema.org\",\"@graph\":[{\"@type\":\"WebPage\",\"@id\":\"https:\/\/asemcoperchelmalaga.com\/index.php\/mobiliario-del-hogar-y-oficina\/\",\"url\":\"https:\/\/asemcoperchelmalaga.com\/index.php\/mobiliario-del-hogar-y-oficina\/\",\"name\":\"Mobiliario del hogar y oficina - Asemco Perchel M&aacute;laga\",\"isPartOf\":{\"@id\":\"https:\/\/asemcoperchelmalaga.com\/#website\"},\"datePublished\":\"2021-09-30T14:27:45+00:00\",\"dateModified\":\"2022-10-26T15:56:34+00:00\",\"breadcrumb\":{\"@id\":\"https:\/\/asemcoperchelmalaga.com\/index.php\/mobiliario-del-hogar-y-oficina\/#breadcrumb\"},\"inLanguage\":\"es\",\"potentialAction\":[{\"@type\":\"ReadAction\",\"target\":[\"https:\/\/asemcoperchelmalaga.com\/index.php\/mobiliario-del-hogar-y-oficina\/\"]}]},{\"@type\":\"BreadcrumbList\",\"@id\":\"https:\/\/asemcoperchelmalaga.com\/index.php\/mobiliario-del-hogar-y-oficina\/#breadcrumb\",\"itemListElement\":[{\"@type\":\"ListItem\",\"position\":1,\"name\":\"Portada\",\"item\":\"https:\/\/asemcoperchelmalaga.com\/\"},{\"@type\":\"ListItem\",\"position\":2,\"name\":\"Mobiliario del hogar y oficina\"}]},{\"@type\":\"WebSite\",\"@id\":\"https:\/\/asemcoperchelmalaga.com\/#website\",\"url\":\"https:\/\/asemcoperchelmalaga.com\/\",\"name\":\"Asemco Perchel M&aacute;laga\",\"description\":\"\",\"potentialAction\":[{\"@type\":\"SearchAction\",\"target\":{\"@type\":\"EntryPoint\",\"urlTemplate\":\"https:\/\/asemcoperchelmalaga.com\/?s={search_term_string}\"},\"query-input\":\"required name=search_term_string\"}],\"inLanguage\":\"es\"}]}<\/script>\n<!-- \/ Yoast SEO plugin. -->","yoast_head_json":{"title":"Mobiliario del hogar y oficina - Asemco Perchel M&aacute;laga","robots":{"index":"index","follow":"follow","max-snippet":"max-snippet:-1","max-image-preview":"max-image-preview:large","max-video-preview":"max-video-preview:-1"},"canonical":"https:\/\/asemcoperchelmalaga.com\/index.php\/mobiliario-del-hogar-y-oficina\/","og_locale":"es_ES","og_type":"article","og_title":"Mobiliario del hogar y oficina - Asemco Perchel M&aacute;laga","og_description":"Empresas asociadas Agencia de viajes Alimentaci\u00f3n y bebidas Asesor\u00edas y gestor\u00edas Copister\u00edas y papeler\u00edas Coworking Marketing y telecomunicaciones Formaci\u00f3n Gimnasios Hoteles y hostales Inmobiliarias Mobiliario del hogar y oficina Moda Motos \u00d3pticas Peluquer\u00edas y est\u00e9tica Restaurantes y bares I Restaurantes y bares II Salud Mobiliario del hogar y oficinaOfiburoDescripci\u00f3n:\u00a0Especialistas en mobiliario, mamparas divisorias y complementos [&hellip;]","og_url":"https:\/\/asemcoperchelmalaga.com\/index.php\/mobiliario-del-hogar-y-oficina\/","og_site_name":"Asemco Perchel M&aacute;laga","article_modified_time":"2022-10-26T15:56:34+00:00","twitter_card":"summary_large_image","schema":{"@context":"https:\/\/schema.org","@graph":[{"@type":"WebPage","@id":"https:\/\/asemcoperchelmalaga.com\/index.php\/mobiliario-del-hogar-y-oficina\/","url":"https:\/\/asemcoperchelmalaga.com\/index.php\/mobiliario-del-hogar-y-oficina\/","name":"Mobiliario del hogar y oficina - Asemco Perchel M&aacute;laga","isPartOf":{"@id":"https:\/\/asemcoperchelmalaga.com\/#website"},"datePublished":"2021-09-30T14:27:45+00:00","dateModified":"2022-10-26T15:56:34+00:00","breadcrumb":{"@id":"https:\/\/asemcoperchelmalaga.com\/index.php\/mobiliario-del-hogar-y-oficina\/#breadcrumb"},"inLanguage":"es","potentialAction":[{"@type":"ReadAction","target":["https:\/\/asemcoperchelmalaga.com\/index.php\/mobiliario-del-hogar-y-oficina\/"]}]},{"@type":"BreadcrumbList","@id":"https:\/\/asemcoperchelmalaga.com\/index.php\/mobiliario-del-hogar-y-oficina\/#breadcrumb","itemListElement":[{"@type":"ListItem","position":1,"name":"Portada","item":"https:\/\/asemcoperchelmalaga.com\/"},{"@type":"ListItem","position":2,"name":"Mobiliario del hogar y oficina"}]},{"@type":"WebSite","@id":"https:\/\/asemcoperchelmalaga.com\/#website","url":"https:\/\/asemcoperchelmalaga.com\/","name":"Asemco Perchel M&aacute;laga","description":"","potentialAction":[{"@type":"SearchAction","target":{"@type":"EntryPoint","urlTemplate":"https:\/\/asemcoperchelmalaga.com\/?s={search_term_string}"},"query-input":"required name=search_term_string"}],"inLanguage":"es"}]}},"_links":{"self":[{"href":"https:\/\/asemcoperchelmalaga.com\/index.php\/wp-json\/wp\/v2\/pages\/1886"}],"collection":[{"href":"https:\/\/asemcoperchelmalaga.com\/index.php\/wp-json\/wp\/v2\/pages"}],"about":[{"href":"https:\/\/asemcoperchelmalaga.com\/index.php\/wp-json\/wp\/v2\/types\/page"}],"author":[{"embeddable":true,"href":"https:\/\/asemcoperchelmalaga.com\/index.php\/wp-json\/wp\/v2\/users\/1"}],"replies":[{"embeddable":true,"href":"https:\/\/asemcoperchelmalaga.com\/index.php\/wp-json\/wp\/v2\/comments?post=1886"}],"version-history":[{"count":9,"href":"https:\/\/asemcoperchelmalaga.com\/index.php\/wp-json\/wp\/v2\/pages\/1886\/revisions"}],"predecessor-version":[{"id":2309,"href":"https:\/\/asemcoperchelmalaga.com\/index.php\/wp-json\/wp\/v2\/pages\/1886\/revisions\/2309"}],"wp:attachment":[{"href":"https:\/\/asemcoperchelmalaga.com\/index.php\/wp-json\/wp\/v2\/media?parent=1886"}],"curies":[{"name":"wp","href":"https:\/\/api.w.org\/{rel}","templated":true}]}}